{"id":129,"date":"2025-01-08T09:30:27","date_gmt":"2025-01-08T08:30:27","guid":{"rendered":"https:\/\/sztettc.hu\/?page_id=129"},"modified":"2025-08-23T16:00:06","modified_gmt":"2025-08-23T14:00:06","slug":"esemenyek","status":"publish","type":"page","link":"https:\/\/sztettc.hu\/en\/esemenyek\/","title":{"rendered":"News and events"},"content":{"rendered":"<div class=\"bde-globalblock-129-103 bde-globalblock\">\n<section class=\"bde-section-138-100-138-1 bde-section bde-section-138-100\">\n              \n  \n  \n\t\n\n\n\n<div class=\"section-container\"><h1 class=\"bde-heading-138-101-138-1 bde-heading bde-heading-138-101\">\nNews and events\n<\/h1><div class=\"bde-breadcrumbs-138-102-138-1 bde-breadcrumbs bde-breadcrumbs-138-102\">\n<nav aria-label=\"breadcrumbs\" class=\"rank-math-breadcrumb\"><p><span class=\"last\">SZTE TTC<\/span><\/p><\/nav>\n<\/div><\/div>\n<\/section>\n<\/div><section class=\"bde-section-129-100 bde-section\">\n  \n  \n\t\n\n\n\n<div class=\"section-container\"><div class=\"bde-post-list-129-102 bde-post-list\">\n<div class=\"bde-loop bde-loop-grid ee-posts ee-posts-grid\">    <article class=\"bde-loop-item ee-post\">\n                                <a class=\"bde-loop-item__image-link ee-post-image-link\" href=\"https:\/\/sztettc.hu\/en\/az-szte-ttc-zrt-bekerult-az-astp-impact-awards-2026-dontosei-koze\/\" aria-label=\"SZTE TTC Zrt. has been selected as a finalist for the ASTP Impact Awards 2026!\">\n                <div class=\"bde-loop-item__image ee-post-image\">\n                    <img loading=\"lazy\" decoding=\"async\" width=\"1366\" height=\"560\" src=\"https:\/\/sztettc.hu\/wp-content\/uploads\/2026\/03\/sztettc-news_20260311.webp\" class=\"attachment-full size-full wp-post-image\" alt=\"ASTP Impact Awards 2026\" srcset=\"https:\/\/sztettc.hu\/wp-content\/uploads\/2026\/03\/sztettc-news_20260311.webp 1366w, https:\/\/sztettc.hu\/wp-content\/uploads\/2026\/03\/sztettc-news_20260311-300x123.webp 300w, https:\/\/sztettc.hu\/wp-content\/uploads\/2026\/03\/sztettc-news_20260311-1024x420.webp 1024w, https:\/\/sztettc.hu\/wp-content\/uploads\/2026\/03\/sztettc-news_20260311-768x315.webp 768w, https:\/\/sztettc.hu\/wp-content\/uploads\/2026\/03\/sztettc-news_20260311-18x7.webp 18w\" sizes=\"auto, (max-width: 1366px) 100vw, 1366px\" \/>                <\/div>\n            <\/a>\n        \n        \n        <div class=\"bde-loop-item__wrap ee-post-wrap\">\n            \n                            <h3 class=\"ee-post-title\">\n                    <a class=\"bde-loop-item__title-link ee-post-title-link\" href=\"https:\/\/sztettc.hu\/en\/az-szte-ttc-zrt-bekerult-az-astp-impact-awards-2026-dontosei-koze\/\" >\n                        SZTE TTC Zrt. has been selected as a finalist for the ASTP Impact Awards 2026!                    <\/a>\n                <\/h3>\n                            <div class=\"bde-loop-item__post-meta ee-post-meta\">\n                                                                                <span class=\"bde-loop-item__meta-date bde-loop-item__meta-item ee-post-meta-date ee-post-meta-item\">\n                                    March 11, 2026                                <\/span>\n                                                \n                <\/div>\n            <ul class=\"ee-post-taxonomy\"><li class=\"bde-loop-item__tax-item ee-post-taxonomy-item\"><a href=\"https:\/\/sztettc.hu\/en\/category\/news\/\">News<\/a><\/li><\/ul>\n            \n        <\/div>\n\n    <\/article>\n\n    <article class=\"bde-loop-item ee-post\">\n                                <a class=\"bde-loop-item__image-link ee-post-image-link\" href=\"https:\/\/sztettc.hu\/en\/dijnyertes-podcastpremier\/\" aria-label=\"Award-winning podcast premiere!\">\n                <div class=\"bde-loop-item__image ee-post-image\">\n                    <img loading=\"lazy\" decoding=\"async\" width=\"1366\" height=\"560\" src=\"https:\/\/sztettc.hu\/wp-content\/uploads\/2026\/02\/sztettc-news_core.webp\" class=\"attachment-full size-full wp-post-image\" alt=\"\" srcset=\"https:\/\/sztettc.hu\/wp-content\/uploads\/2026\/02\/sztettc-news_core.webp 1366w, https:\/\/sztettc.hu\/wp-content\/uploads\/2026\/02\/sztettc-news_core-300x123.webp 300w, https:\/\/sztettc.hu\/wp-content\/uploads\/2026\/02\/sztettc-news_core-1024x420.webp 1024w, https:\/\/sztettc.hu\/wp-content\/uploads\/2026\/02\/sztettc-news_core-768x315.webp 768w, https:\/\/sztettc.hu\/wp-content\/uploads\/2026\/02\/sztettc-news_core-18x7.webp 18w\" sizes=\"auto, (max-width: 1366px) 100vw, 1366px\" \/>                <\/div>\n            <\/a>\n        \n        \n        <div class=\"bde-loop-item__wrap ee-post-wrap\">\n            \n                            <h3 class=\"ee-post-title\">\n                    <a class=\"bde-loop-item__title-link ee-post-title-link\" href=\"https:\/\/sztettc.hu\/en\/dijnyertes-podcastpremier\/\" >\n                        Award-winning podcast premiere!                    <\/a>\n                <\/h3>\n                            <div class=\"bde-loop-item__post-meta ee-post-meta\">\n                                                                                <span class=\"bde-loop-item__meta-date bde-loop-item__meta-item ee-post-meta-date ee-post-meta-item\">\n                                    February 3, 2026                                <\/span>\n                                                \n                <\/div>\n            <ul class=\"ee-post-taxonomy\"><li class=\"bde-loop-item__tax-item ee-post-taxonomy-item\"><a href=\"https:\/\/sztettc.hu\/en\/category\/news\/\">News<\/a><\/li><\/ul>\n            \n        <\/div>\n\n    <\/article>\n\n    <article class=\"bde-loop-item ee-post\">\n                                <a class=\"bde-loop-item__image-link ee-post-image-link\" href=\"https:\/\/sztettc.hu\/en\/visegrad-focus-on-research-development-innovation-and-digitalization\/\" aria-label=\"Visegrad Focus on Research, Development, Innovation and Digitalization\">\n                <div class=\"bde-loop-item__image ee-post-image\">\n                    <img loading=\"lazy\" decoding=\"async\" width=\"1366\" height=\"560\" src=\"https:\/\/sztettc.hu\/wp-content\/uploads\/2026\/01\/sztettc-news_2026-01-16.webp\" class=\"attachment-full size-full wp-post-image\" alt=\"Visegrad Focus on Research, Development, Innovation and Digitalization\" srcset=\"https:\/\/sztettc.hu\/wp-content\/uploads\/2026\/01\/sztettc-news_2026-01-16.webp 1366w, https:\/\/sztettc.hu\/wp-content\/uploads\/2026\/01\/sztettc-news_2026-01-16-300x123.webp 300w, https:\/\/sztettc.hu\/wp-content\/uploads\/2026\/01\/sztettc-news_2026-01-16-1024x420.webp 1024w, https:\/\/sztettc.hu\/wp-content\/uploads\/2026\/01\/sztettc-news_2026-01-16-768x315.webp 768w, https:\/\/sztettc.hu\/wp-content\/uploads\/2026\/01\/sztettc-news_2026-01-16-18x7.webp 18w\" sizes=\"auto, (max-width: 1366px) 100vw, 1366px\" \/>                <\/div>\n            <\/a>\n        \n        \n        <div class=\"bde-loop-item__wrap ee-post-wrap\">\n            \n                            <h3 class=\"ee-post-title\">\n                    <a class=\"bde-loop-item__title-link ee-post-title-link\" href=\"https:\/\/sztettc.hu\/en\/visegrad-focus-on-research-development-innovation-and-digitalization\/\" >\n                        Visegrad Focus on Research, Development, Innovation and Digitalization                    <\/a>\n                <\/h3>\n                            <div class=\"bde-loop-item__post-meta ee-post-meta\">\n                                                                                <span class=\"bde-loop-item__meta-date bde-loop-item__meta-item ee-post-meta-date ee-post-meta-item\">\n                                    January 16, 2026                                <\/span>\n                                                \n                <\/div>\n            <ul class=\"ee-post-taxonomy\"><li class=\"bde-loop-item__tax-item ee-post-taxonomy-item\"><a href=\"https:\/\/sztettc.hu\/en\/category\/news\/\">News<\/a><\/li><\/ul>\n            \n        <\/div>\n\n    <\/article>\n\n    <article class=\"bde-loop-item ee-post\">\n                                <a class=\"bde-loop-item__image-link ee-post-image-link\" href=\"https:\/\/sztettc.hu\/en\/lenduletes-rajtot-vett-a-poc-program-bizottsagi-munkaja\/\" aria-label=\"A strong start for the PoC Program\u2019s Evaluation Committee\">\n                <div class=\"bde-loop-item__image ee-post-image\">\n                    <img loading=\"lazy\" decoding=\"async\" width=\"1366\" height=\"560\" src=\"https:\/\/sztettc.hu\/wp-content\/uploads\/2025\/12\/sztettc-news_2025-12-22.webp\" class=\"attachment-full size-full wp-post-image\" alt=\"A strong start for the PoC Program\u2019s Evaluation Committee\" srcset=\"https:\/\/sztettc.hu\/wp-content\/uploads\/2025\/12\/sztettc-news_2025-12-22.webp 1366w, https:\/\/sztettc.hu\/wp-content\/uploads\/2025\/12\/sztettc-news_2025-12-22-300x123.webp 300w, https:\/\/sztettc.hu\/wp-content\/uploads\/2025\/12\/sztettc-news_2025-12-22-1024x420.webp 1024w, https:\/\/sztettc.hu\/wp-content\/uploads\/2025\/12\/sztettc-news_2025-12-22-768x315.webp 768w, https:\/\/sztettc.hu\/wp-content\/uploads\/2025\/12\/sztettc-news_2025-12-22-18x7.webp 18w\" sizes=\"auto, (max-width: 1366px) 100vw, 1366px\" \/>                <\/div>\n            <\/a>\n        \n        \n        <div class=\"bde-loop-item__wrap ee-post-wrap\">\n            \n                            <h3 class=\"ee-post-title\">\n                    <a class=\"bde-loop-item__title-link ee-post-title-link\" href=\"https:\/\/sztettc.hu\/en\/lenduletes-rajtot-vett-a-poc-program-bizottsagi-munkaja\/\" >\n                        A strong start for the PoC Program\u2019s Evaluation Committee                    <\/a>\n                <\/h3>\n                            <div class=\"bde-loop-item__post-meta ee-post-meta\">\n                                                                                <span class=\"bde-loop-item__meta-date bde-loop-item__meta-item ee-post-meta-date ee-post-meta-item\">\n                                    December 22, 2025                                <\/span>\n                                                \n                <\/div>\n            <ul class=\"ee-post-taxonomy\"><li class=\"bde-loop-item__tax-item ee-post-taxonomy-item\"><a href=\"https:\/\/sztettc.hu\/en\/category\/news\/\">News<\/a><\/li><\/ul>\n            \n        <\/div>\n\n    <\/article>\n\n    <article class=\"bde-loop-item ee-post\">\n                                <a class=\"bde-loop-item__image-link ee-post-image-link\" href=\"https:\/\/sztettc.hu\/en\/tortenelmi-siker\/\" aria-label=\"Historic Milestone!!\">\n                <div class=\"bde-loop-item__image ee-post-image\">\n                    <img loading=\"lazy\" decoding=\"async\" width=\"1366\" height=\"560\" src=\"https:\/\/sztettc.hu\/wp-content\/uploads\/2025\/11\/sztettc-news_2025-11-29.webp\" class=\"attachment-full size-full wp-post-image\" alt=\"Historic Milestone!!\" srcset=\"https:\/\/sztettc.hu\/wp-content\/uploads\/2025\/11\/sztettc-news_2025-11-29.webp 1366w, https:\/\/sztettc.hu\/wp-content\/uploads\/2025\/11\/sztettc-news_2025-11-29-300x123.webp 300w, https:\/\/sztettc.hu\/wp-content\/uploads\/2025\/11\/sztettc-news_2025-11-29-1024x420.webp 1024w, https:\/\/sztettc.hu\/wp-content\/uploads\/2025\/11\/sztettc-news_2025-11-29-768x315.webp 768w, https:\/\/sztettc.hu\/wp-content\/uploads\/2025\/11\/sztettc-news_2025-11-29-18x7.webp 18w\" sizes=\"auto, (max-width: 1366px) 100vw, 1366px\" \/>                <\/div>\n            <\/a>\n        \n        \n        <div class=\"bde-loop-item__wrap ee-post-wrap\">\n            \n                            <h3 class=\"ee-post-title\">\n                    <a class=\"bde-loop-item__title-link ee-post-title-link\" href=\"https:\/\/sztettc.hu\/en\/tortenelmi-siker\/\" >\n                        Historic Milestone!!                    <\/a>\n                <\/h3>\n                            <div class=\"bde-loop-item__post-meta ee-post-meta\">\n                                                                                <span class=\"bde-loop-item__meta-date bde-loop-item__meta-item ee-post-meta-date ee-post-meta-item\">\n                                    November 29, 2025                                <\/span>\n                                                \n                <\/div>\n            <ul class=\"ee-post-taxonomy\"><li class=\"bde-loop-item__tax-item ee-post-taxonomy-item\"><a href=\"https:\/\/sztettc.hu\/en\/category\/news\/\">News<\/a><\/li><\/ul>\n            \n        <\/div>\n\n    <\/article>\n\n    <article class=\"bde-loop-item ee-post\">\n                                <a class=\"bde-loop-item__image-link ee-post-image-link\" href=\"https:\/\/sztettc.hu\/en\/szte-ttc-uj-podcast-epizod\/\" aria-label=\"New Podcast Episode by SZTE TTC!\">\n                <div class=\"bde-loop-item__image ee-post-image\">\n                    <img loading=\"lazy\" decoding=\"async\" width=\"1366\" height=\"560\" src=\"https:\/\/sztettc.hu\/wp-content\/uploads\/2025\/11\/sztettc-news_2025-11-21.webp\" class=\"attachment-full size-full wp-post-image\" alt=\"\" srcset=\"https:\/\/sztettc.hu\/wp-content\/uploads\/2025\/11\/sztettc-news_2025-11-21.webp 1366w, https:\/\/sztettc.hu\/wp-content\/uploads\/2025\/11\/sztettc-news_2025-11-21-300x123.webp 300w, https:\/\/sztettc.hu\/wp-content\/uploads\/2025\/11\/sztettc-news_2025-11-21-1024x420.webp 1024w, https:\/\/sztettc.hu\/wp-content\/uploads\/2025\/11\/sztettc-news_2025-11-21-768x315.webp 768w, https:\/\/sztettc.hu\/wp-content\/uploads\/2025\/11\/sztettc-news_2025-11-21-18x7.webp 18w\" sizes=\"auto, (max-width: 1366px) 100vw, 1366px\" \/>                <\/div>\n            <\/a>\n        \n        \n        <div class=\"bde-loop-item__wrap ee-post-wrap\">\n            \n                            <h3 class=\"ee-post-title\">\n                    <a class=\"bde-loop-item__title-link ee-post-title-link\" href=\"https:\/\/sztettc.hu\/en\/szte-ttc-uj-podcast-epizod\/\" >\n                        New Podcast Episode by SZTE TTC!                    <\/a>\n                <\/h3>\n                            <div class=\"bde-loop-item__post-meta ee-post-meta\">\n                                                                                <span class=\"bde-loop-item__meta-date bde-loop-item__meta-item ee-post-meta-date ee-post-meta-item\">\n                                    November 21, 2025                                <\/span>\n                                                \n                <\/div>\n            <ul class=\"ee-post-taxonomy\"><li class=\"bde-loop-item__tax-item ee-post-taxonomy-item\"><a href=\"https:\/\/sztettc.hu\/en\/category\/news\/\">News<\/a><\/li><\/ul>\n            \n        <\/div>\n\n    <\/article>\n\n    <article class=\"bde-loop-item ee-post\">\n                                <a class=\"bde-loop-item__image-link ee-post-image-link\" href=\"https:\/\/sztettc.hu\/en\/kozeppontban-az-egyetemi-kutatasok-piaci-hasznositasa\/\" aria-label=\"Bringing University Research to Market Focus\">\n                <div class=\"bde-loop-item__image ee-post-image\">\n                    <img loading=\"lazy\" decoding=\"async\" width=\"1366\" height=\"560\" src=\"https:\/\/sztettc.hu\/wp-content\/uploads\/2025\/11\/sztettc-news_2025-11-13.webp\" class=\"attachment-full size-full wp-post-image\" alt=\"Bringing University Research to Market Focus\" srcset=\"https:\/\/sztettc.hu\/wp-content\/uploads\/2025\/11\/sztettc-news_2025-11-13.webp 1366w, https:\/\/sztettc.hu\/wp-content\/uploads\/2025\/11\/sztettc-news_2025-11-13-300x123.webp 300w, https:\/\/sztettc.hu\/wp-content\/uploads\/2025\/11\/sztettc-news_2025-11-13-1024x420.webp 1024w, https:\/\/sztettc.hu\/wp-content\/uploads\/2025\/11\/sztettc-news_2025-11-13-768x315.webp 768w, https:\/\/sztettc.hu\/wp-content\/uploads\/2025\/11\/sztettc-news_2025-11-13-18x7.webp 18w\" sizes=\"auto, (max-width: 1366px) 100vw, 1366px\" \/>                <\/div>\n            <\/a>\n        \n        \n        <div class=\"bde-loop-item__wrap ee-post-wrap\">\n            \n                            <h3 class=\"ee-post-title\">\n                    <a class=\"bde-loop-item__title-link ee-post-title-link\" href=\"https:\/\/sztettc.hu\/en\/kozeppontban-az-egyetemi-kutatasok-piaci-hasznositasa\/\" >\n                        Bringing University Research to Market Focus                    <\/a>\n                <\/h3>\n                            <div class=\"bde-loop-item__post-meta ee-post-meta\">\n                                                                                <span class=\"bde-loop-item__meta-date bde-loop-item__meta-item ee-post-meta-date ee-post-meta-item\">\n                                    November 12, 2025                                <\/span>\n                                                \n                <\/div>\n            <ul class=\"ee-post-taxonomy\"><li class=\"bde-loop-item__tax-item ee-post-taxonomy-item\"><a href=\"https:\/\/sztettc.hu\/en\/category\/news\/\">News<\/a><\/li><\/ul>\n            \n        <\/div>\n\n    <\/article>\n\n    <article class=\"bde-loop-item ee-post\">\n                                <a class=\"bde-loop-item__image-link ee-post-image-link\" href=\"https:\/\/sztettc.hu\/en\/szeged-es-miskolc-kozosen-formalja-az-innovacio-jovojet\/\" aria-label=\"Szeged and Miskolc Join Forces to Shape the Future of Innovation\">\n                <div class=\"bde-loop-item__image ee-post-image\">\n                    <img loading=\"lazy\" decoding=\"async\" width=\"1366\" height=\"560\" src=\"https:\/\/sztettc.hu\/wp-content\/uploads\/2025\/11\/sztettc-news_2025-11-03-c.webp\" class=\"attachment-full size-full wp-post-image\" alt=\"Szeged and Miskolc Join Forces to Shape the Future of Innovation\" srcset=\"https:\/\/sztettc.hu\/wp-content\/uploads\/2025\/11\/sztettc-news_2025-11-03-c.webp 1366w, https:\/\/sztettc.hu\/wp-content\/uploads\/2025\/11\/sztettc-news_2025-11-03-c-300x123.webp 300w, https:\/\/sztettc.hu\/wp-content\/uploads\/2025\/11\/sztettc-news_2025-11-03-c-1024x420.webp 1024w, https:\/\/sztettc.hu\/wp-content\/uploads\/2025\/11\/sztettc-news_2025-11-03-c-768x315.webp 768w, https:\/\/sztettc.hu\/wp-content\/uploads\/2025\/11\/sztettc-news_2025-11-03-c-18x7.webp 18w\" sizes=\"auto, (max-width: 1366px) 100vw, 1366px\" \/>                <\/div>\n            <\/a>\n        \n        \n        <div class=\"bde-loop-item__wrap ee-post-wrap\">\n            \n                            <h3 class=\"ee-post-title\">\n                    <a class=\"bde-loop-item__title-link ee-post-title-link\" href=\"https:\/\/sztettc.hu\/en\/szeged-es-miskolc-kozosen-formalja-az-innovacio-jovojet\/\" >\n                        Szeged and Miskolc Join Forces to Shape the Future of Innovation                    <\/a>\n                <\/h3>\n                            <div class=\"bde-loop-item__post-meta ee-post-meta\">\n                                                                                <span class=\"bde-loop-item__meta-date bde-loop-item__meta-item ee-post-meta-date ee-post-meta-item\">\n                                    November 3, 2025                                <\/span>\n                                                \n                <\/div>\n            <ul class=\"ee-post-taxonomy\"><li class=\"bde-loop-item__tax-item ee-post-taxonomy-item\"><a href=\"https:\/\/sztettc.hu\/en\/category\/news\/\">News<\/a><\/li><\/ul>\n            \n        <\/div>\n\n    <\/article>\n\n<\/div><div class=\"bde-posts-pagination bde-posts-navigation-numbers\"><ul><li class=\"bde-posts-navigation-numbers--active\"><a class=\"is-active\" href='https:\/\/sztettc.hu\/wp-json\/wp\/v2\/pages\/129\/'>1<\/a><\/li><li ><a  href='https:\/\/sztettc.hu\/wp-json\/wp\/v2\/pages\/129\/page\/2\/'>2<\/a><\/li><li ><a  href='https:\/\/sztettc.hu\/wp-json\/wp\/v2\/pages\/129\/page\/3\/'>3<\/a><\/li><\/ul><\/div>\n<\/div><\/div>\n<\/section>","protected":false},"excerpt":{"rendered":"<p>Orsz\u00e1gos jelent\u0151s\u00e9g\u0171 Proof of Concept program indul az egyetemi kutat\u00e1sok piaci hasznos\u00edt\u00e1s\u00e1\u00e9rt! Al\u00e1\u00edrt\u00e1k a Konzorciumi Proof of Concept Program egy\u00fcttm\u0171k\u00f6d\u00e9st! A tudom\u00e1ny \u00e9s a gazdas\u00e1g tal\u00e1lkoz\u00e1s\u00e1b\u00f3l sz\u00fcletnek azok az \u00f6tletek, amelyek val\u00f3ban k\u00e9pesek form\u00e1lni a j\u00f6v\u0151t. Ezt az alapelvet k\u00f6veti az a strat\u00e9giai egy\u00fcttm\u0171k\u00f6d\u00e9s, amelyet a Szegedi Tudom\u00e1nyegyetem Technol\u00f3gia Transzfer V\u00e1llalata (SZTE TTC Zrt.) \u00e9s [&hellip;]<\/p>","protected":false},"author":1,"featured_media":0,"parent":0,"menu_order":700,"comment_status":"closed","ping_status":"closed","template":"","meta":{"_breakdance_hide_in_design_set":false,"_breakdance_tags":"","iawp_total_views":2,"footnotes":""},"class_list":["post-129","page","type-page","status-publish","hentry"],"_links":{"self":[{"href":"https:\/\/sztettc.hu\/en\/wp-json\/wp\/v2\/pages\/129","targetHints":{"allow":["GET"]}}],"collection":[{"href":"https:\/\/sztettc.hu\/en\/wp-json\/wp\/v2\/pages"}],"about":[{"href":"https:\/\/sztettc.hu\/en\/wp-json\/wp\/v2\/types\/page"}],"author":[{"embeddable":true,"href":"https:\/\/sztettc.hu\/en\/wp-json\/wp\/v2\/users\/1"}],"replies":[{"embeddable":true,"href":"https:\/\/sztettc.hu\/en\/wp-json\/wp\/v2\/comments?post=129"}],"version-history":[{"count":10,"href":"https:\/\/sztettc.hu\/en\/wp-json\/wp\/v2\/pages\/129\/revisions"}],"predecessor-version":[{"id":729,"href":"https:\/\/sztettc.hu\/en\/wp-json\/wp\/v2\/pages\/129\/revisions\/729"}],"wp:attachment":[{"href":"https:\/\/sztettc.hu\/en\/wp-json\/wp\/v2\/media?parent=129"}],"curies":[{"name":"wp","href":"https:\/\/api.w.org\/{rel}","templated":true}]}}