{"id":1044,"date":"2026-03-24T09:33:36","date_gmt":"2026-03-24T08:33:36","guid":{"rendered":"https:\/\/sztettc.hu\/?page_id=1044"},"modified":"2026-04-02T12:02:53","modified_gmt":"2026-04-02T10:02:53","slug":"student-startup-hackathon-2026","status":"publish","type":"page","link":"https:\/\/sztettc.hu\/en\/for-the-university-community\/projektek\/student-startup-hackathon-2026\/","title":{"rendered":"Student Startup Hackathon 2026"},"content":{"rendered":"<section class=\"bde-section-1044-100 bde-section\">\n  \n  \n\t\n\n\n\n<div class=\"section-container\"><h1 class=\"bde-heading-1044-101 bde-heading\">\nStudent Startup Hackathon 2026\n<\/h1><h3 class=\"bde-heading-1044-102 bde-heading\">\nGot a great idea? Show it to us! Let\u2019s turn it into a startup in just one day!\n<\/h3><div class=\"bde-text-1044-103 bde-text\">\nWould you like to become a startup founder for a day?<br>Curious how a problem turns into a compelling business idea?<br>Would you like to test yourself in a real pitch competition in front of a professional jury?\n<\/div><div class=\"bde-text-1044-104 bde-text\">\nThe Student Startup Hackathon 2026 is a full-day, experience-driven idea competition for university students, where\u2014with the support of mentors\u2014you can develop scalable solutions to real-world problems, and present them to a panel of expert judges.\n<\/div><h3 class=\"bde-heading-1044-105 bde-heading\">\nThis is not a coding hackathon\u2014it\u2019s an idea competition built on startup thinking.\n<\/h3><div class=\"bde-text-1044-127 bde-text\">\nOn the 29th of Aprils 2026!<br>In Szeged, Hungary at the Tisza RIver Event Boat!!\n<\/div><div class=\"bde-div-1044-195 bde-div\">\n  \n  \n\t\n\n\n\n<div class=\"bde-button-1044-194 bde-button\">\n    \n                                    \n    \n    \n    \n    \n            \n                    \n            \n            \n\n    \n    \n    \n    \n    \n    <a class=\"breakdance-link button-atom button-atom--primary bde-button__button\" href=\"https:\/\/sztettc.hu\/wp-content\/uploads\/2026\/03\/Altalanos-leiras-v2.pdf\" target=\"_blank\" data-type=\"url\"  >\n\n    \n        <span class=\"button-atom__text\">General Information (In Hungarian)<\/span>\n\n        \n        \n                <\/a>\n\n    \n\n\n<\/div><div class=\"bde-button-1044-196 bde-button\">\n    \n                                    \n    \n    \n    \n    \n            \n                    \n            \n            \n\n    \n    \n    \n    \n    \n    <a class=\"breakdance-link button-atom button-atom--secondary bde-button__button\" href=\"https:\/\/sztettc.hu\/wp-content\/uploads\/2026\/03\/Agenda.pdf\" target=\"_blank\" data-type=\"url\"  >\n\n    \n        <span class=\"button-atom__text\">Agenda (in Hungarian)<\/span>\n\n        \n        \n                <\/a>\n\n    \n\n\n<\/div>\n<\/div><\/div>\n<\/section><section class=\"bde-section-1044-106 bde-section\">\n  \n  \n\t\n\n\n\n<div class=\"section-container\"><div class=\"bde-columns-1044-107 bde-columns\"><div class=\"bde-column-1044-108 bde-column\">\n  \n  \n\t\n\n\n\n<h2 class=\"bde-heading-1044-109 bde-heading\">\nInformation\n<\/h2><div class=\"bde-div-1044-110 bde-div\">\n  \n  \n\t\n\n\n\n<p class=\"bde-text-1044-111 bde-text\">\nWho can apply?\n<\/p><div class=\"bde-text-1044-112 bde-text\">\nSZTE Students<br>TReams of 3 to 5<br>From any field of study\u2014not just for business or IT students!\n<\/div>\n<\/div><div class=\"bde-div-1044-114 bde-div\">\n  \n  \n\t\n\n\n\n<p class=\"bde-text-1044-115 bde-text\">\nWhat is hackathon about?\n<\/p><div class=\"bde-text-1044-116 bde-text\">\nTeams will work on finding solutions to real-world problems in the following areas:\n<\/div><div class=\"bde-icon-list-1044-118 bde-icon-list bde-preset-1179084c-5854-4186-bcfb-16aab5a7814d\">\n<ul>\n  \n              \n    <li>\n              <div class='bde-icon-list__item-wrapper'>\n      \n      <span class='bde-icon-list__icon'>\n        <svg xmlns=\"http:\/\/www.w3.org\/2000\/svg\" viewbox=\"0 0 512 512\"><!--! Font Awesome Free 6.5.1 by @fontawesome - https:\/\/fontawesome.com License - https:\/\/fontawesome.com\/license\/free (Icons: CC BY 4.0, Fonts: SIL OFL 1.1, Code: MIT License) Copyright 2023 Fonticons, Inc. --><path d=\"M256 48a208 208 0 1 1 0 416 208 208 0 1 1 0-416zm0 464A256 256 0 1 0 256 0a256 256 0 1 0 0 512zM369 209c9.4-9.4 9.4-24.6 0-33.9s-24.6-9.4-33.9 0l-111 111-47-47c-9.4-9.4-24.6-9.4-33.9 0s-9.4 24.6 0 33.9l64 64c9.4 9.4 24.6 9.4 33.9 0L369 209z\"\/><\/svg>\n      <\/span>\n      <span class='bde-icon-list__text' >\n      University life and student services\n      <\/span>\n              <\/div>\n      \n    <\/li>\n\n  \n              \n    <li>\n              <div class='bde-icon-list__item-wrapper'>\n      \n      <span class='bde-icon-list__icon'>\n        <svg xmlns=\"http:\/\/www.w3.org\/2000\/svg\" viewbox=\"0 0 512 512\"><!--! Font Awesome Free 6.5.1 by @fontawesome - https:\/\/fontawesome.com License - https:\/\/fontawesome.com\/license\/free (Icons: CC BY 4.0, Fonts: SIL OFL 1.1, Code: MIT License) Copyright 2023 Fonticons, Inc. --><path d=\"M256 48a208 208 0 1 1 0 416 208 208 0 1 1 0-416zm0 464A256 256 0 1 0 256 0a256 256 0 1 0 0 512zM369 209c9.4-9.4 9.4-24.6 0-33.9s-24.6-9.4-33.9 0l-111 111-47-47c-9.4-9.4-24.6-9.4-33.9 0s-9.4 24.6 0 33.9l64 64c9.4 9.4 24.6 9.4 33.9 0L369 209z\"\/><\/svg>\n      <\/span>\n      <span class='bde-icon-list__text' >\n      Sustainability and urban challenges\n      <\/span>\n              <\/div>\n      \n    <\/li>\n\n  \n              \n    <li>\n              <div class='bde-icon-list__item-wrapper'>\n      \n      <span class='bde-icon-list__icon'>\n        <svg xmlns=\"http:\/\/www.w3.org\/2000\/svg\" viewbox=\"0 0 512 512\"><!--! Font Awesome Free 6.5.1 by @fontawesome - https:\/\/fontawesome.com License - https:\/\/fontawesome.com\/license\/free (Icons: CC BY 4.0, Fonts: SIL OFL 1.1, Code: MIT License) Copyright 2023 Fonticons, Inc. --><path d=\"M256 48a208 208 0 1 1 0 416 208 208 0 1 1 0-416zm0 464A256 256 0 1 0 256 0a256 256 0 1 0 0 512zM369 209c9.4-9.4 9.4-24.6 0-33.9s-24.6-9.4-33.9 0l-111 111-47-47c-9.4-9.4-24.6-9.4-33.9 0s-9.4 24.6 0 33.9l64 64c9.4 9.4 24.6 9.4 33.9 0L369 209z\"\/><\/svg>\n      <\/span>\n      <span class='bde-icon-list__text' >\n      Labor market and career entry\n      <\/span>\n              <\/div>\n      \n    <\/li>\n\n  \n              \n    <li>\n              <div class='bde-icon-list__item-wrapper'>\n      \n      <span class='bde-icon-list__icon'>\n        <svg xmlns=\"http:\/\/www.w3.org\/2000\/svg\" viewbox=\"0 0 512 512\"><!--! Font Awesome Free 6.5.1 by @fontawesome - https:\/\/fontawesome.com License - https:\/\/fontawesome.com\/license\/free (Icons: CC BY 4.0, Fonts: SIL OFL 1.1, Code: MIT License) Copyright 2023 Fonticons, Inc. --><path d=\"M256 48a208 208 0 1 1 0 416 208 208 0 1 1 0-416zm0 464A256 256 0 1 0 256 0a256 256 0 1 0 0 512zM369 209c9.4-9.4 9.4-24.6 0-33.9s-24.6-9.4-33.9 0l-111 111-47-47c-9.4-9.4-24.6-9.4-33.9 0s-9.4 24.6 0 33.9l64 64c9.4 9.4 24.6 9.4 33.9 0L369 209z\"\/><\/svg>\n      <\/span>\n      <span class='bde-icon-list__text' >\n      Health and mental well-being\n      <\/span>\n              <\/div>\n      \n    <\/li>\n\n  \n              \n    <li>\n              <div class='bde-icon-list__item-wrapper'>\n      \n      <span class='bde-icon-list__icon'>\n        <svg xmlns=\"http:\/\/www.w3.org\/2000\/svg\" viewbox=\"0 0 512 512\"><!--! Font Awesome Free 6.5.1 by @fontawesome - https:\/\/fontawesome.com License - https:\/\/fontawesome.com\/license\/free (Icons: CC BY 4.0, Fonts: SIL OFL 1.1, Code: MIT License) Copyright 2023 Fonticons, Inc. --><path d=\"M256 48a208 208 0 1 1 0 416 208 208 0 1 1 0-416zm0 464A256 256 0 1 0 256 0a256 256 0 1 0 0 512zM369 209c9.4-9.4 9.4-24.6 0-33.9s-24.6-9.4-33.9 0l-111 111-47-47c-9.4-9.4-24.6-9.4-33.9 0s-9.4 24.6 0 33.9l64 64c9.4 9.4 24.6 9.4 33.9 0L369 209z\"\/><\/svg>\n      <\/span>\n      <span class='bde-icon-list__text' >\n      Digital solutions for everyday problems\n      <\/span>\n              <\/div>\n      \n    <\/li>\n\n  <\/ul>\n\n<\/div><div class=\"bde-text-1044-128 bde-text\">\nMentors will help you to:\n<\/div><div class=\"bde-icon-list-1044-129 bde-icon-list bde-preset-1179084c-5854-4186-bcfb-16aab5a7814d\">\n<ul>\n  \n              \n    <li>\n              <div class='bde-icon-list__item-wrapper'>\n      \n      <span class='bde-icon-list__icon'>\n        <svg xmlns=\"http:\/\/www.w3.org\/2000\/svg\" viewbox=\"0 0 512 512\"><!--! Font Awesome Free 6.5.1 by @fontawesome - https:\/\/fontawesome.com License - https:\/\/fontawesome.com\/license\/free (Icons: CC BY 4.0, Fonts: SIL OFL 1.1, Code: MIT License) Copyright 2023 Fonticons, Inc. --><path d=\"M256 48a208 208 0 1 1 0 416 208 208 0 1 1 0-416zm0 464A256 256 0 1 0 256 0a256 256 0 1 0 0 512zM369 209c9.4-9.4 9.4-24.6 0-33.9s-24.6-9.4-33.9 0l-111 111-47-47c-9.4-9.4-24.6-9.4-33.9 0s-9.4 24.6 0 33.9l64 64c9.4 9.4 24.6 9.4 33.9 0L369 209z\"\/><\/svg>\n      <\/span>\n      <span class='bde-icon-list__text' >\n      clearly define the problem,\n      <\/span>\n              <\/div>\n      \n    <\/li>\n\n  \n              \n    <li>\n              <div class='bde-icon-list__item-wrapper'>\n      \n      <span class='bde-icon-list__icon'>\n        <svg xmlns=\"http:\/\/www.w3.org\/2000\/svg\" viewbox=\"0 0 512 512\"><!--! Font Awesome Free 6.5.1 by @fontawesome - https:\/\/fontawesome.com License - https:\/\/fontawesome.com\/license\/free (Icons: CC BY 4.0, Fonts: SIL OFL 1.1, Code: MIT License) Copyright 2023 Fonticons, Inc. --><path d=\"M256 48a208 208 0 1 1 0 416 208 208 0 1 1 0-416zm0 464A256 256 0 1 0 256 0a256 256 0 1 0 0 512zM369 209c9.4-9.4 9.4-24.6 0-33.9s-24.6-9.4-33.9 0l-111 111-47-47c-9.4-9.4-24.6-9.4-33.9 0s-9.4 24.6 0 33.9l64 64c9.4 9.4 24.6 9.4 33.9 0L369 209z\"\/><\/svg>\n      <\/span>\n      <span class='bde-icon-list__text' >\n      come up with a solution,\n      <\/span>\n              <\/div>\n      \n    <\/li>\n\n  \n              \n    <li>\n              <div class='bde-icon-list__item-wrapper'>\n      \n      <span class='bde-icon-list__icon'>\n        <svg xmlns=\"http:\/\/www.w3.org\/2000\/svg\" viewbox=\"0 0 512 512\"><!--! Font Awesome Free 6.5.1 by @fontawesome - https:\/\/fontawesome.com License - https:\/\/fontawesome.com\/license\/free (Icons: CC BY 4.0, Fonts: SIL OFL 1.1, Code: MIT License) Copyright 2023 Fonticons, Inc. --><path d=\"M256 48a208 208 0 1 1 0 416 208 208 0 1 1 0-416zm0 464A256 256 0 1 0 256 0a256 256 0 1 0 0 512zM369 209c9.4-9.4 9.4-24.6 0-33.9s-24.6-9.4-33.9 0l-111 111-47-47c-9.4-9.4-24.6-9.4-33.9 0s-9.4 24.6 0 33.9l64 64c9.4 9.4 24.6 9.4 33.9 0L369 209z\"\/><\/svg>\n      <\/span>\n      <span class='bde-icon-list__text' >\n       build your pitch presentation.\n      <\/span>\n              <\/div>\n      \n    <\/li>\n\n  <\/ul>\n\n<\/div>\n<\/div>\n<\/div><div class=\"bde-column-1044-125 bde-column\">\n  \n  \n\t\n\n\n\n<img decoding=\"async\" class=\"bde-image2-1044-126 bde-image2\" src=\"https:\/\/sztettc.hu\/wp-content\/uploads\/2026\/03\/university-students-friends-with-study-book-project-education-sharing-information-together-campus-group-college-people-reading-textbook-with-smile-learning-scholarship.webp\" loading=\"lazy\" srcset=\"https:\/\/sztettc.hu\/wp-content\/uploads\/2026\/03\/university-students-friends-with-study-book-project-education-sharing-information-together-campus-group-college-people-reading-textbook-with-smile-learning-scholarship.webp 1920w, https:\/\/sztettc.hu\/wp-content\/uploads\/2026\/03\/university-students-friends-with-study-book-project-education-sharing-information-together-campus-group-college-people-reading-textbook-with-smile-learning-scholarship-300x193.webp 300w, https:\/\/sztettc.hu\/wp-content\/uploads\/2026\/03\/university-students-friends-with-study-book-project-education-sharing-information-together-campus-group-college-people-reading-textbook-with-smile-learning-scholarship-1024x658.webp 1024w, https:\/\/sztettc.hu\/wp-content\/uploads\/2026\/03\/university-students-friends-with-study-book-project-education-sharing-information-together-campus-group-college-people-reading-textbook-with-smile-learning-scholarship-768x493.webp 768w, https:\/\/sztettc.hu\/wp-content\/uploads\/2026\/03\/university-students-friends-with-study-book-project-education-sharing-information-together-campus-group-college-people-reading-textbook-with-smile-learning-scholarship-1536x986.webp 1536w, https:\/\/sztettc.hu\/wp-content\/uploads\/2026\/03\/university-students-friends-with-study-book-project-education-sharing-information-together-campus-group-college-people-reading-textbook-with-smile-learning-scholarship-18x12.webp 18w\" sizes=\"(max-width: 1920px) 100vw, 1920px\">\n<\/div><\/div><\/div>\n<\/section><section class=\"bde-section-1044-130 bde-section\">\n  \n  \n\t\n\n\n\n<div class=\"section-container\"><h2 class=\"bde-heading-1044-131 bde-heading\">\nThe Mentors\n<\/h2><div class=\"bde-grid-1044-132 bde-grid\">\n  \n  \n\t\n\n\n\n<div class=\"bde-div-1044-139 bde-div\">\n  \n  \n\t\n\n\n\n<img decoding=\"async\" class=\"bde-image2-1044-140 bde-image2\" src=\"https:\/\/sztettc.hu\/wp-content\/uploads\/2026\/03\/Bulcsu.webp\" loading=\"lazy\" srcset=\"https:\/\/sztettc.hu\/wp-content\/uploads\/2026\/03\/Bulcsu.webp 870w, https:\/\/sztettc.hu\/wp-content\/uploads\/2026\/03\/Bulcsu-281x300.webp 281w, https:\/\/sztettc.hu\/wp-content\/uploads\/2026\/03\/Bulcsu-768x819.webp 768w, https:\/\/sztettc.hu\/wp-content\/uploads\/2026\/03\/Bulcsu-11x12.webp 11w\" sizes=\"(max-width: 870px) 100vw, 870px\"><div class=\"bde-div-1044-141 bde-div\">\n  \n  \n\t\n\n\n\n<span class=\"bde-text-1044-142 bde-text\">\nBulcsu G\u00f6dri\n<\/span><div class=\"de-read-more-1044-163 de-read-more\" data-word-count=\"16\" data-end-text=\"...\" data-type=\"text\" exclude-button=\"false\" data-breakpoints=\"0\">\n<div class=\"de-read-more-content\">\n  <p>the Head of Business Development at SZTE TTC with extensive experience in technology transfer, innovation collaborations, and international R&amp;D partnerships. In his work, he places particular emphasis on the practical application of results, building partnerships, and providing strategic support to developing projects. As a mentor and professional advisor, his goal is to use his expertise and network to support domestic innovation initiatives.<\/p>\n<\/div>\n<button class=\"de-read-more-button\" data-selector=\".breakdance .de-read-more-1044-163\" data-id=\"163\" data-open-name=\"\u2193\" data-close-name=\"\u2191\">\u2193<\/button>\n<\/div><div class=\"bde-social-icons-1044-256 bde-social-icons\">\n                  \n            \n            \n\n    \n    \n    \n    \n    \n    <a class=\"breakdance-link bde-social-icons__icon-wrapper bde-social-icons__icon-custom\" href=\"https:\/\/www.linkedin.com\/in\/bulcsu-g%C3%B6dri-3b949849\/\" target=\"_blank\" data-type=\"url\" aria-label=\"custom\" rel=\"noopener noreferrer nofollow\">\n\n                        <svg xmlns=\"http:\/\/www.w3.org\/2000\/svg\" id=\"icon-linkedin\" viewbox=\"0 0 32 32\">\n<path d=\"M29 0h-26c-1.65 0-3 1.35-3 3v26c0 1.65 1.35 3 3 3h26c1.65 0 3-1.35 3-3v-26c0-1.65-1.35-3-3-3zM12 26h-4v-14h4v14zM10 10c-1.106 0-2-0.894-2-2s0.894-2 2-2c1.106 0 2 0.894 2 2s-0.894 2-2 2zM26 26h-4v-8c0-1.106-0.894-2-2-2s-2 0.894-2 2v8h-4v-14h4v2.481c0.825-1.131 2.087-2.481 3.5-2.481 2.488 0 4.5 2.238 4.5 5v9z\"\/>\n<\/svg>\n                      <\/a>\n\n    \n<\/div>\n<\/div>\n<\/div><div class=\"bde-div-1044-164 bde-div\">\n  \n  \n\t\n\n\n\n<img decoding=\"async\" class=\"bde-image2-1044-165 bde-image2\" src=\"https:\/\/sztettc.hu\/wp-content\/uploads\/2026\/03\/22095908_1767888883244532_8498109295541972178_o.webp\" loading=\"lazy\" srcset=\"https:\/\/sztettc.hu\/wp-content\/uploads\/2026\/03\/22095908_1767888883244532_8498109295541972178_o.webp 1554w, https:\/\/sztettc.hu\/wp-content\/uploads\/2026\/03\/22095908_1767888883244532_8498109295541972178_o-300x300.webp 300w, https:\/\/sztettc.hu\/wp-content\/uploads\/2026\/03\/22095908_1767888883244532_8498109295541972178_o-1024x1024.webp 1024w, https:\/\/sztettc.hu\/wp-content\/uploads\/2026\/03\/22095908_1767888883244532_8498109295541972178_o-150x150.webp 150w, https:\/\/sztettc.hu\/wp-content\/uploads\/2026\/03\/22095908_1767888883244532_8498109295541972178_o-768x768.webp 768w, https:\/\/sztettc.hu\/wp-content\/uploads\/2026\/03\/22095908_1767888883244532_8498109295541972178_o-1536x1536.webp 1536w, https:\/\/sztettc.hu\/wp-content\/uploads\/2026\/03\/22095908_1767888883244532_8498109295541972178_o-12x12.webp 12w\" sizes=\"(max-width: 1554px) 100vw, 1554px\"><div class=\"bde-div-1044-166 bde-div\">\n  \n  \n\t\n\n\n\n<span class=\"bde-text-1044-167 bde-text\">\nAttila Balla\n<\/span><div class=\"de-read-more-1044-168 de-read-more\" data-word-count=\"16\" data-end-text=\"...\" data-type=\"text\" exclude-button=\"false\" data-breakpoints=\"0\">\n<div class=\"de-read-more-content\">\n  <p>an economist and communications expert with over 15 years of extensive experience as a leader and consultant in innovation- and technology-focused fields. He has participated in numerous government, municipal, and market innovation projects, particularly in the areas of digital development, regional development, and policy programs.<br>Mentork\u00e9nt \u00e9s szakmai tan\u00e1csad\u00f3k\u00e9nt strat\u00e9giai gondolkod\u00e1s\u00e1val, kiterjedt szakmai kapcsolatrendszer\u00e9vel \u00e9s gyakorlati projektvezet\u00e9si tapasztalat\u00e1val t\u00e1mogatja a hazai innov\u00e1ci\u00f3s \u00f6kosziszt\u00e9ma szerepl\u0151it.<\/p>\n<\/div>\n<button class=\"de-read-more-button\" data-selector=\".breakdance .de-read-more-1044-168\" data-id=\"168\" data-open-name=\"\u2193\" data-close-name=\"\u2191\">\u2193<\/button>\n<\/div><div class=\"bde-social-icons-1044-257 bde-social-icons\">\n                  \n            \n            \n\n    \n    \n    \n    \n    \n    <a class=\"breakdance-link bde-social-icons__icon-wrapper bde-social-icons__icon-custom\" href=\"https:\/\/www.linkedin.com\/in\/attila-balla-123028172\/\" target=\"_blank\" data-type=\"url\" aria-label=\"custom\" rel=\"noopener noreferrer nofollow\">\n\n                        <svg xmlns=\"http:\/\/www.w3.org\/2000\/svg\" id=\"icon-linkedin\" viewbox=\"0 0 32 32\">\n<path d=\"M29 0h-26c-1.65 0-3 1.35-3 3v26c0 1.65 1.35 3 3 3h26c1.65 0 3-1.35 3-3v-26c0-1.65-1.35-3-3-3zM12 26h-4v-14h4v14zM10 10c-1.106 0-2-0.894-2-2s0.894-2 2-2c1.106 0 2 0.894 2 2s-0.894 2-2 2zM26 26h-4v-8c0-1.106-0.894-2-2-2s-2 0.894-2 2v8h-4v-14h4v2.481c0.825-1.131 2.087-2.481 3.5-2.481 2.488 0 4.5 2.238 4.5 5v9z\"\/>\n<\/svg>\n                      <\/a>\n\n    \n<\/div>\n<\/div>\n<\/div><div class=\"bde-div-1044-157 bde-div\">\n  \n  \n\t\n\n\n\n<div class=\"bde-image-1044-158 bde-image\">\n<figure class=\"breakdance-image breakdance-image--1074\">\n\t<div class=\"breakdance-image-container\">\n\t\t<div class=\"breakdance-image-clip\"><img loading=\"lazy\" decoding=\"async\" class=\"breakdance-image-object\" src=\"https:\/\/sztettc.hu\/wp-content\/uploads\/2026\/03\/Mudri_Gyorgy.webp\" width=\"500\" height=\"500\" srcset=\"https:\/\/sztettc.hu\/wp-content\/uploads\/2026\/03\/Mudri_Gyorgy.webp 500w, https:\/\/sztettc.hu\/wp-content\/uploads\/2026\/03\/Mudri_Gyorgy-300x300.webp 300w, https:\/\/sztettc.hu\/wp-content\/uploads\/2026\/03\/Mudri_Gyorgy-150x150.webp 150w, https:\/\/sztettc.hu\/wp-content\/uploads\/2026\/03\/Mudri_Gyorgy-12x12.webp 12w\" sizes=\"auto, (max-width: 500px) 100vw, 500px\"><\/div>\n\t<\/div><\/figure>\n\n<\/div><div class=\"bde-div-1044-159 bde-div\">\n  \n  \n\t\n\n\n\n<span class=\"bde-text-1044-160 bde-text\">\nGy\u00f6rgy Mudri\n<\/span><div class=\"de-read-more-1044-169 de-read-more\" data-word-count=\"16\" data-end-text=\"...\" data-type=\"text\" exclude-button=\"false\" data-breakpoints=\"0\">\n<div class=\"de-read-more-content\">\n  <p>a fintech entrepreneur, co-founder and CEO of FintechX, where he develops innovative financial solutions based on open banking. He has over a decade of experience in the digital financial sector, both as a startup founder and business executive. His expertise spans product development, business building, and creating scalable fintech solutions, having successfully guided his company through multiple pivots and growth phases. Previously, he spent more than 15 years teaching entrepreneurship and finance as the head of a foundation program and as a visiting lecturer at Corvinus University of Budapest. As a mentor, he primarily helps teams turn an idea into a real market solution and make it commercially viable.<\/p>\n<\/div>\n<button class=\"de-read-more-button\" data-selector=\".breakdance .de-read-more-1044-169\" data-id=\"169\" data-open-name=\"\u2193\" data-close-name=\"\u2191\">\u2193<\/button>\n<\/div><div class=\"bde-social-icons-1044-248 bde-social-icons\">\n                  \n            \n            \n\n    \n    \n    \n    \n    \n    <a class=\"breakdance-link bde-social-icons__icon-wrapper bde-social-icons__icon-custom\" href=\"https:\/\/www.linkedin.com\/in\/gyorgymudri\/\" target=\"_blank\" data-type=\"url\" aria-label=\"custom\" rel=\"noopener noreferrer nofollow\">\n\n                        <svg xmlns=\"http:\/\/www.w3.org\/2000\/svg\" id=\"icon-linkedin\" viewbox=\"0 0 32 32\">\n<path d=\"M29 0h-26c-1.65 0-3 1.35-3 3v26c0 1.65 1.35 3 3 3h26c1.65 0 3-1.35 3-3v-26c0-1.65-1.35-3-3-3zM12 26h-4v-14h4v14zM10 10c-1.106 0-2-0.894-2-2s0.894-2 2-2c1.106 0 2 0.894 2 2s-0.894 2-2 2zM26 26h-4v-8c0-1.106-0.894-2-2-2s-2 0.894-2 2v8h-4v-14h4v2.481c0.825-1.131 2.087-2.481 3.5-2.481 2.488 0 4.5 2.238 4.5 5v9z\"\/>\n<\/svg>\n                      <\/a>\n\n    \n<\/div>\n<\/div>\n<\/div><div class=\"bde-div-1044-170 bde-div\">\n  \n  \n\t\n\n\n\n<div class=\"bde-image-1044-171 bde-image\">\n<figure class=\"breakdance-image breakdance-image--1075\">\n\t<div class=\"breakdance-image-container\">\n\t\t<div class=\"breakdance-image-clip\"><img loading=\"lazy\" decoding=\"async\" class=\"breakdance-image-object\" src=\"https:\/\/sztettc.hu\/wp-content\/uploads\/2026\/03\/Mike_Szabolcs.webp\" width=\"400\" height=\"400\" srcset=\"https:\/\/sztettc.hu\/wp-content\/uploads\/2026\/03\/Mike_Szabolcs.webp 400w, https:\/\/sztettc.hu\/wp-content\/uploads\/2026\/03\/Mike_Szabolcs-300x300.webp 300w, https:\/\/sztettc.hu\/wp-content\/uploads\/2026\/03\/Mike_Szabolcs-150x150.webp 150w, https:\/\/sztettc.hu\/wp-content\/uploads\/2026\/03\/Mike_Szabolcs-12x12.webp 12w\" sizes=\"auto, (max-width: 400px) 100vw, 400px\"><\/div>\n\t<\/div><\/figure>\n\n<\/div><div class=\"bde-div-1044-172 bde-div\">\n  \n  \n\t\n\n\n\n<span class=\"bde-text-1044-173 bde-text\">\nSzabolcs Mike\n<\/span><div class=\"de-read-more-1044-180 de-read-more\" data-word-count=\"16\" data-end-text=\"...\" data-type=\"text\" exclude-button=\"false\" data-breakpoints=\"0\">\n<div class=\"de-read-more-content\">\n  <p>an engineer-physicist specializing in the practical application of AI and digital technologies. He currently works as an AI consultant and has previously contributed as an expert to various technology and innovation initiatives. As a mentor, he primarily helps teams think in terms of technological solutions for real-world problems and guides ideas toward practical, implementable directions, especially in AI- and digitally-focused projects<\/p>\n<\/div>\n<button class=\"de-read-more-button\" data-selector=\".breakdance .de-read-more-1044-180\" data-id=\"180\" data-open-name=\"\u2193\" data-close-name=\"\u2191\">\u2193<\/button>\n<\/div><div class=\"bde-social-icons-1044-249 bde-social-icons\">\n                  \n            \n            \n\n    \n    \n    \n    \n    \n    <a class=\"breakdance-link bde-social-icons__icon-wrapper bde-social-icons__icon-custom\" href=\"https:\/\/www.linkedin.com\/in\/mike-szabolcs-a988aa17\/\" target=\"_blank\" data-type=\"url\" aria-label=\"custom\" rel=\"noopener noreferrer nofollow\">\n\n                        <svg xmlns=\"http:\/\/www.w3.org\/2000\/svg\" id=\"icon-linkedin\" viewbox=\"0 0 32 32\">\n<path d=\"M29 0h-26c-1.65 0-3 1.35-3 3v26c0 1.65 1.35 3 3 3h26c1.65 0 3-1.35 3-3v-26c0-1.65-1.35-3-3-3zM12 26h-4v-14h4v14zM10 10c-1.106 0-2-0.894-2-2s0.894-2 2-2c1.106 0 2 0.894 2 2s-0.894 2-2 2zM26 26h-4v-8c0-1.106-0.894-2-2-2s-2 0.894-2 2v8h-4v-14h4v2.481c0.825-1.131 2.087-2.481 3.5-2.481 2.488 0 4.5 2.238 4.5 5v9z\"\/>\n<\/svg>\n                      <\/a>\n\n    \n<\/div>\n<\/div>\n<\/div><div class=\"bde-div-1044-175 bde-div\">\n  \n  \n\t\n\n\n\n<div class=\"bde-image-1044-176 bde-image\">\n<figure class=\"breakdance-image breakdance-image--1076\">\n\t<div class=\"breakdance-image-container\">\n\t\t<div class=\"breakdance-image-clip\"><img loading=\"lazy\" decoding=\"async\" class=\"breakdance-image-object\" src=\"https:\/\/sztettc.hu\/wp-content\/uploads\/2026\/03\/Vamos_Levente.webp\" width=\"1280\" height=\"1920\" srcset=\"https:\/\/sztettc.hu\/wp-content\/uploads\/2026\/03\/Vamos_Levente.webp 1280w, https:\/\/sztettc.hu\/wp-content\/uploads\/2026\/03\/Vamos_Levente-200x300.webp 200w, https:\/\/sztettc.hu\/wp-content\/uploads\/2026\/03\/Vamos_Levente-683x1024.webp 683w, https:\/\/sztettc.hu\/wp-content\/uploads\/2026\/03\/Vamos_Levente-768x1152.webp 768w, https:\/\/sztettc.hu\/wp-content\/uploads\/2026\/03\/Vamos_Levente-1024x1536.webp 1024w, https:\/\/sztettc.hu\/wp-content\/uploads\/2026\/03\/Vamos_Levente-8x12.webp 8w\" sizes=\"auto, (max-width: 1280px) 100vw, 1280px\"><\/div>\n\t<\/div><\/figure>\n\n<\/div><div class=\"bde-div-1044-177 bde-div\">\n  \n  \n\t\n\n\n\n<span class=\"bde-text-1044-178 bde-text\">\nLevente V\u00e1mos\n<\/span><div class=\"de-read-more-1044-181 de-read-more\" data-word-count=\"16\" data-end-text=\"...\" data-type=\"text\" exclude-button=\"false\" data-breakpoints=\"0\">\n<div class=\"de-read-more-content\">\n  <p>the founder of Vamos AI, building a B2B SaaS solution focused on social media and AI-driven content creation. Drawing on his previous agency experience, he is developing a platform that automates and optimizes short-form content production, helping businesses and content creators achieve scalable growth. As a mentor, he primarily helps teams transform an idea into a well-positioned product and quickly validate and scale it in the market.<\/p>\n<\/div>\n<button class=\"de-read-more-button\" data-selector=\".breakdance .de-read-more-1044-181\" data-id=\"181\" data-open-name=\"\u2193\" data-close-name=\"\u2191\">\u2193<\/button>\n<\/div><div class=\"bde-social-icons-1044-258 bde-social-icons\">\n                  \n            \n            \n\n    \n    \n    \n    \n    \n    <a class=\"breakdance-link bde-social-icons__icon-wrapper bde-social-icons__icon-custom\" href=\"https:\/\/www.linkedin.com\/in\/levi-vamos-27b611234\/\" target=\"_blank\" data-type=\"url\" aria-label=\"custom\" rel=\"noopener noreferrer nofollow\">\n\n                        <svg xmlns=\"http:\/\/www.w3.org\/2000\/svg\" id=\"icon-linkedin\" viewbox=\"0 0 32 32\">\n<path d=\"M29 0h-26c-1.65 0-3 1.35-3 3v26c0 1.65 1.35 3 3 3h26c1.65 0 3-1.35 3-3v-26c0-1.65-1.35-3-3-3zM12 26h-4v-14h4v14zM10 10c-1.106 0-2-0.894-2-2s0.894-2 2-2c1.106 0 2 0.894 2 2s-0.894 2-2 2zM26 26h-4v-8c0-1.106-0.894-2-2-2s-2 0.894-2 2v8h-4v-14h4v2.481c0.825-1.131 2.087-2.481 3.5-2.481 2.488 0 4.5 2.238 4.5 5v9z\"\/>\n<\/svg>\n                      <\/a>\n\n    \n<\/div>\n<\/div>\n<\/div><div class=\"bde-div-1044-198 bde-div\">\n  \n  \n\t\n\n\n\n<div class=\"bde-image-1044-199 bde-image\">\n<figure class=\"breakdance-image breakdance-image--1077\">\n\t<div class=\"breakdance-image-container\">\n\t\t<div class=\"breakdance-image-clip\"><img loading=\"lazy\" decoding=\"async\" class=\"breakdance-image-object\" src=\"https:\/\/sztettc.hu\/wp-content\/uploads\/2026\/03\/Lipcsey_Marton.webp\" width=\"400\" height=\"400\" srcset=\"https:\/\/sztettc.hu\/wp-content\/uploads\/2026\/03\/Lipcsey_Marton.webp 400w, https:\/\/sztettc.hu\/wp-content\/uploads\/2026\/03\/Lipcsey_Marton-300x300.webp 300w, https:\/\/sztettc.hu\/wp-content\/uploads\/2026\/03\/Lipcsey_Marton-150x150.webp 150w, https:\/\/sztettc.hu\/wp-content\/uploads\/2026\/03\/Lipcsey_Marton-12x12.webp 12w\" sizes=\"auto, (max-width: 400px) 100vw, 400px\"><\/div>\n\t<\/div><\/figure>\n\n<\/div><div class=\"bde-div-1044-200 bde-div\">\n  \n  \n\t\n\n\n\n<span class=\"bde-text-1044-201 bde-text\">\nM\u00e1rton Lipcsey \n<\/span><div class=\"de-read-more-1044-202 de-read-more\" data-word-count=\"16\" data-end-text=\"...\" data-type=\"text\" exclude-button=\"false\" data-breakpoints=\"0\">\n<div class=\"de-read-more-content\">\n  <p>is a member of the Vamos AI development team, working on the platform\u2019s technological implementation. His experience in digital product development and AI-based systems helps teams turn their ideas into functional solutions. As a mentor, he primarily supports technological thinking, feasibility assessment, and shaping product logic.<\/p>\n<\/div>\n<button class=\"de-read-more-button\" data-selector=\".breakdance .de-read-more-1044-202\" data-id=\"202\" data-open-name=\"\u2193\" data-close-name=\"\u2191\">\u2193<\/button>\n<\/div><div class=\"bde-social-icons-1044-251 bde-social-icons\">\n                  \n            \n            \n\n    \n    \n    \n    \n    \n    <a class=\"breakdance-link bde-social-icons__icon-wrapper bde-social-icons__icon-custom\" href=\"https:\/\/www.linkedin.com\/in\/lipcsey-m\u00e1rton-188146266\/\" target=\"_blank\" data-type=\"url\" aria-label=\"custom\" rel=\"noopener noreferrer nofollow\">\n\n                        <svg xmlns=\"http:\/\/www.w3.org\/2000\/svg\" id=\"icon-linkedin\" viewbox=\"0 0 32 32\">\n<path d=\"M29 0h-26c-1.65 0-3 1.35-3 3v26c0 1.65 1.35 3 3 3h26c1.65 0 3-1.35 3-3v-26c0-1.65-1.35-3-3-3zM12 26h-4v-14h4v14zM10 10c-1.106 0-2-0.894-2-2s0.894-2 2-2c1.106 0 2 0.894 2 2s-0.894 2-2 2zM26 26h-4v-8c0-1.106-0.894-2-2-2s-2 0.894-2 2v8h-4v-14h4v2.481c0.825-1.131 2.087-2.481 3.5-2.481 2.488 0 4.5 2.238 4.5 5v9z\"\/>\n<\/svg>\n                      <\/a>\n\n    \n<\/div>\n<\/div>\n<\/div><div class=\"bde-div-1044-203 bde-div\">\n  \n  \n\t\n\n\n\n<div class=\"bde-image-1044-204 bde-image\">\n<figure class=\"breakdance-image breakdance-image--1078\">\n\t<div class=\"breakdance-image-container\">\n\t\t<div class=\"breakdance-image-clip\"><img loading=\"lazy\" decoding=\"async\" class=\"breakdance-image-object\" src=\"https:\/\/sztettc.hu\/wp-content\/uploads\/2026\/03\/Fekete_David.webp\" width=\"1920\" height=\"1920\" srcset=\"https:\/\/sztettc.hu\/wp-content\/uploads\/2026\/03\/Fekete_David.webp 1920w, https:\/\/sztettc.hu\/wp-content\/uploads\/2026\/03\/Fekete_David-300x300.webp 300w, https:\/\/sztettc.hu\/wp-content\/uploads\/2026\/03\/Fekete_David-1024x1024.webp 1024w, https:\/\/sztettc.hu\/wp-content\/uploads\/2026\/03\/Fekete_David-150x150.webp 150w, https:\/\/sztettc.hu\/wp-content\/uploads\/2026\/03\/Fekete_David-768x768.webp 768w, https:\/\/sztettc.hu\/wp-content\/uploads\/2026\/03\/Fekete_David-1536x1536.webp 1536w, https:\/\/sztettc.hu\/wp-content\/uploads\/2026\/03\/Fekete_David-12x12.webp 12w\" sizes=\"auto, (max-width: 1920px) 100vw, 1920px\"><\/div>\n\t<\/div><\/figure>\n\n<\/div><div class=\"bde-div-1044-205 bde-div\">\n  \n  \n\t\n\n\n\n<span class=\"bde-text-1044-206 bde-text\">\nD\u00e1vid Fekete \n<\/span><div class=\"de-read-more-1044-207 de-read-more\" data-word-count=\"16\" data-end-text=\"...\" data-type=\"text\" exclude-button=\"false\" data-breakpoints=\"0\">\n<div class=\"de-read-more-content\">\n  <p>works as a frontend developer on the Vamos AI product, focusing on user experience and the practical implementation of digital solutions. As a mentor, he helps teams transform an idea into a user-friendly, understandable, and functional solution from the perspective of end-users.<\/p>\n<\/div>\n<button class=\"de-read-more-button\" data-selector=\".breakdance .de-read-more-1044-207\" data-id=\"207\" data-open-name=\"\u2193\" data-close-name=\"\u2191\">\u2193<\/button>\n<\/div><div class=\"bde-social-icons-1044-252 bde-social-icons\">\n                  \n            \n            \n\n    \n    \n    \n    \n    \n    <a class=\"breakdance-link bde-social-icons__icon-wrapper bde-social-icons__icon-custom\" href=\"https:\/\/www.linkedin.com\/in\/d%C3%A1vid-zolt%C3%A1n-fekete-5313b51b8\/\" target=\"_blank\" data-type=\"url\" aria-label=\"custom\" rel=\"noopener noreferrer nofollow\">\n\n                        <svg xmlns=\"http:\/\/www.w3.org\/2000\/svg\" id=\"icon-linkedin\" viewbox=\"0 0 32 32\">\n<path d=\"M29 0h-26c-1.65 0-3 1.35-3 3v26c0 1.65 1.35 3 3 3h26c1.65 0 3-1.35 3-3v-26c0-1.65-1.35-3-3-3zM12 26h-4v-14h4v14zM10 10c-1.106 0-2-0.894-2-2s0.894-2 2-2c1.106 0 2 0.894 2 2s-0.894 2-2 2zM26 26h-4v-8c0-1.106-0.894-2-2-2s-2 0.894-2 2v8h-4v-14h4v2.481c0.825-1.131 2.087-2.481 3.5-2.481 2.488 0 4.5 2.238 4.5 5v9z\"\/>\n<\/svg>\n                      <\/a>\n\n    \n<\/div>\n<\/div>\n<\/div>\n<\/div><\/div>\n<\/section><section class=\"bde-section-1044-208 bde-section\">\n  \n  \n\t\n\n\n\n<div class=\"section-container\"><h2 class=\"bde-heading-1044-209 bde-heading\">\nSpeakers\n<\/h2><div class=\"bde-text-1044-246 bde-text\">\n As part of the hackathon, participants are invited to an inspiring preparatory lecture series, where experienced professionals provide insights into the world of startups. This practical, interactive event will cover topics such as idea validation, creating a value proposition, and the fundamentals of a compelling pitch\u2014all illustrated with real-world examples.\n<\/div><div class=\"bde-grid-1044-210 bde-grid\">\n  \n  \n\t\n\n\n\n<div class=\"bde-div-1044-211 bde-div\">\n  \n  \n\t\n\n\n\n<img decoding=\"async\" class=\"bde-image2-1044-212 bde-image2\" src=\"https:\/\/sztettc.hu\/wp-content\/uploads\/2026\/03\/Matyas_Krisztian.webp\" loading=\"lazy\" srcset=\"https:\/\/sztettc.hu\/wp-content\/uploads\/2026\/03\/Matyas_Krisztian.webp 470w, https:\/\/sztettc.hu\/wp-content\/uploads\/2026\/03\/Matyas_Krisztian-300x300.webp 300w, https:\/\/sztettc.hu\/wp-content\/uploads\/2026\/03\/Matyas_Krisztian-150x150.webp 150w, https:\/\/sztettc.hu\/wp-content\/uploads\/2026\/03\/Matyas_Krisztian-12x12.webp 12w\" sizes=\"(max-width: 470px) 100vw, 470px\"><div class=\"bde-div-1044-213 bde-div\">\n  \n  \n\t\n\n\n\n<span class=\"bde-text-1044-214 bde-text\">\nKriszti\u00e1n M\u00e1ty\u00e1s \n<\/span><div class=\"de-read-more-1044-215 de-read-more\" data-word-count=\"16\" data-end-text=\"...\" data-type=\"text\" exclude-button=\"false\" data-breakpoints=\"0\">\n<div class=\"de-read-more-content\">\n  <p>co-founder of Appartman, where he works on developing property management software (PMS) for accommodations. His work focuses on the digitalization of the tourism sector and the development of scalable software products. His experience includes developing, validating, and bringing early-stage products to market, with a strong emphasis on aligning user needs with business operations.<\/p>\n<\/div>\n<button class=\"de-read-more-button\" data-selector=\".breakdance .de-read-more-1044-215\" data-id=\"215\" data-open-name=\"\u2193\" data-close-name=\"\u2191\">\u2193<\/button>\n<\/div><div class=\"bde-social-icons-1044-253 bde-social-icons\">\n                  \n            \n            \n\n    \n    \n    \n    \n    \n    <a class=\"breakdance-link bde-social-icons__icon-wrapper bde-social-icons__icon-custom\" href=\"https:\/\/www.linkedin.com\/in\/krisztian-matyas\/\" target=\"_blank\" data-type=\"url\" aria-label=\"custom\" rel=\"noopener noreferrer nofollow\">\n\n                        <svg xmlns=\"http:\/\/www.w3.org\/2000\/svg\" id=\"icon-linkedin\" viewbox=\"0 0 32 32\">\n<path d=\"M29 0h-26c-1.65 0-3 1.35-3 3v26c0 1.65 1.35 3 3 3h26c1.65 0 3-1.35 3-3v-26c0-1.65-1.35-3-3-3zM12 26h-4v-14h4v14zM10 10c-1.106 0-2-0.894-2-2s0.894-2 2-2c1.106 0 2 0.894 2 2s-0.894 2-2 2zM26 26h-4v-8c0-1.106-0.894-2-2-2s-2 0.894-2 2v8h-4v-14h4v2.481c0.825-1.131 2.087-2.481 3.5-2.481 2.488 0 4.5 2.238 4.5 5v9z\"\/>\n<\/svg>\n                      <\/a>\n\n    \n<\/div>\n<\/div>\n<\/div><div class=\"bde-div-1044-216 bde-div\">\n  \n  \n\t\n\n\n\n<img decoding=\"async\" class=\"bde-image2-1044-217 bde-image2\" src=\"https:\/\/sztettc.hu\/wp-content\/uploads\/2026\/03\/8Z6A0665.webp\" loading=\"lazy\" srcset=\"https:\/\/sztettc.hu\/wp-content\/uploads\/2026\/03\/8Z6A0665.webp 1409w, https:\/\/sztettc.hu\/wp-content\/uploads\/2026\/03\/8Z6A0665-220x300.webp 220w, https:\/\/sztettc.hu\/wp-content\/uploads\/2026\/03\/8Z6A0665-751x1024.webp 751w, https:\/\/sztettc.hu\/wp-content\/uploads\/2026\/03\/8Z6A0665-768x1047.webp 768w, https:\/\/sztettc.hu\/wp-content\/uploads\/2026\/03\/8Z6A0665-1127x1536.webp 1127w, https:\/\/sztettc.hu\/wp-content\/uploads\/2026\/03\/8Z6A0665-9x12.webp 9w\" sizes=\"(max-width: 1409px) 100vw, 1409px\"><div class=\"bde-div-1044-218 bde-div\">\n  \n  \n\t\n\n\n\n<span class=\"bde-text-1044-219 bde-text\">\nSzabolcs Szota\n<\/span><div class=\"de-read-more-1044-220 de-read-more\" data-word-count=\"16\" data-end-text=\"...\" data-type=\"text\" exclude-button=\"false\" data-breakpoints=\"0\">\n<div class=\"de-read-more-content\">\n  <p>an AI and digital innovation specialist, currently working on practical AI applications for businesses as part of the \u201cAI in Everyday Life\u201d initiative. Previously, he built a company in the insurtech sector, serving as founder and leader of CRISTO, developing digital insurance solutions. His current professional focus is on integrating artificial intelligence into real business processes in a simple, usable way that delivers tangible results.<\/p>\n<\/div>\n<button class=\"de-read-more-button\" data-selector=\".breakdance .de-read-more-1044-220\" data-id=\"220\" data-open-name=\"\u2193\" data-close-name=\"\u2191\">\u2193<\/button>\n<\/div><div class=\"bde-social-icons-1044-254 bde-social-icons\">\n                  \n            \n            \n\n    \n    \n    \n    \n    \n    <a class=\"breakdance-link bde-social-icons__icon-wrapper bde-social-icons__icon-custom\" href=\"https:\/\/www.linkedin.com\/in\/szotaszabolcs\/\" target=\"_blank\" data-type=\"url\" aria-label=\"custom\" rel=\"noopener noreferrer nofollow\">\n\n                        <svg xmlns=\"http:\/\/www.w3.org\/2000\/svg\" id=\"icon-linkedin\" viewbox=\"0 0 32 32\">\n<path d=\"M29 0h-26c-1.65 0-3 1.35-3 3v26c0 1.65 1.35 3 3 3h26c1.65 0 3-1.35 3-3v-26c0-1.65-1.35-3-3-3zM12 26h-4v-14h4v14zM10 10c-1.106 0-2-0.894-2-2s0.894-2 2-2c1.106 0 2 0.894 2 2s-0.894 2-2 2zM26 26h-4v-8c0-1.106-0.894-2-2-2s-2 0.894-2 2v8h-4v-14h4v2.481c0.825-1.131 2.087-2.481 3.5-2.481 2.488 0 4.5 2.238 4.5 5v9z\"\/>\n<\/svg>\n                      <\/a>\n\n    \n<\/div>\n<\/div>\n<\/div><div class=\"bde-div-1044-221 bde-div\">\n  \n  \n\t\n\n\n\n<div class=\"bde-image-1044-222 bde-image\">\n<figure class=\"breakdance-image breakdance-image--1082\">\n\t<div class=\"breakdance-image-container\">\n\t\t<div class=\"breakdance-image-clip\"><img loading=\"lazy\" decoding=\"async\" class=\"breakdance-image-object\" src=\"https:\/\/sztettc.hu\/wp-content\/uploads\/2026\/03\/Zwecker_Bence.webp\" width=\"400\" height=\"400\" srcset=\"https:\/\/sztettc.hu\/wp-content\/uploads\/2026\/03\/Zwecker_Bence.webp 400w, https:\/\/sztettc.hu\/wp-content\/uploads\/2026\/03\/Zwecker_Bence-300x300.webp 300w, https:\/\/sztettc.hu\/wp-content\/uploads\/2026\/03\/Zwecker_Bence-150x150.webp 150w, https:\/\/sztettc.hu\/wp-content\/uploads\/2026\/03\/Zwecker_Bence-12x12.webp 12w\" sizes=\"auto, (max-width: 400px) 100vw, 400px\"><\/div>\n\t<\/div><\/figure>\n\n<\/div><div class=\"bde-div-1044-223 bde-div\">\n  \n  \n\t\n\n\n\n<span class=\"bde-text-1044-224 bde-text\">\nBence Zwecker \n<\/span><div class=\"de-read-more-1044-225 de-read-more\" data-word-count=\"16\" data-end-text=\"...\" data-type=\"text\" exclude-button=\"false\" data-breakpoints=\"0\">\n<div class=\"de-read-more-content\">\n  <p><strong>Zwecker Bence<\/strong> a <strong>Munch<\/strong> a member of the founding team, working on a fast-growing, sustainability-focused digital platform aimed at reducing food waste. Their work focuses on communicating products and services clearly and effectively. Their expertise lies in structuring presentations and conveying business messages in a clear, organized manner.<\/p>\n<\/div>\n<button class=\"de-read-more-button\" data-selector=\".breakdance .de-read-more-1044-225\" data-id=\"225\" data-open-name=\"\u2193\" data-close-name=\"\u2191\">\u2193<\/button>\n<\/div><div class=\"bde-social-icons-1044-255 bde-social-icons\">\n                  \n            \n            \n\n    \n    \n    \n    \n    \n    <a class=\"breakdance-link bde-social-icons__icon-wrapper bde-social-icons__icon-custom\" href=\"https:\/\/www.linkedin.com\/in\/bencezwecker\/\" target=\"_blank\" data-type=\"url\" aria-label=\"custom\" rel=\"noopener noreferrer nofollow\">\n\n                        <svg xmlns=\"http:\/\/www.w3.org\/2000\/svg\" id=\"icon-linkedin\" viewbox=\"0 0 32 32\">\n<path d=\"M29 0h-26c-1.65 0-3 1.35-3 3v26c0 1.65 1.35 3 3 3h26c1.65 0 3-1.35 3-3v-26c0-1.65-1.35-3-3-3zM12 26h-4v-14h4v14zM10 10c-1.106 0-2-0.894-2-2s0.894-2 2-2c1.106 0 2 0.894 2 2s-0.894 2-2 2zM26 26h-4v-8c0-1.106-0.894-2-2-2s-2 0.894-2 2v8h-4v-14h4v2.481c0.825-1.131 2.087-2.481 3.5-2.481 2.488 0 4.5 2.238 4.5 5v9z\"\/>\n<\/svg>\n                      <\/a>\n\n    \n<\/div>\n<\/div>\n<\/div>\n<\/div><\/div>\n<\/section><section class=\"bde-section-1044-182 bde-section\">\n  \n  \n\t\n\n\n\n<div class=\"section-container\"><h2 class=\"bde-heading-1044-183 bde-heading\">\nRegistration\n<\/h2><div class=\"bde-rich-text-1044-186 bde-rich-text breakdance-rich-text-styles\">\n<p>Applications are submitted by clicking the button, which will take you to an external (Google) form. <\/p><p>By applying, you agree to the terms, which can be found in the <a target=\"_blank\" href=\"https:\/\/u-szeged.hu\/english\/privacy-policy\/privacy-policy\" rel=\"noopener noreferrer nofollow\">Privacy Policy<\/a> ismerheted meg.<\/p>\n<\/div><div class=\"bde-button-1044-185 bde-button\">\n    \n                                    \n    \n    \n    \n    \n            \n                    \n            \n            \n\n    \n    \n    \n    \n    \n    <a class=\"breakdance-link button-atom button-atom--secondary bde-button__button\" href=\"https:\/\/docs.google.com\/forms\/d\/e\/1FAIpQLSdsfiwQSNY56pzA9iH7IgXMPwqDrMg9BZeuer0nCczWphONFQ\/viewform\" target=\"_blank\" data-type=\"url\" rel=\"noopener noreferrer nofollow\">\n\n    \n        <span class=\"button-atom__text\">Registration (in Hungarian)<\/span>\n\n        \n        \n                <\/a>\n\n    \n\n\n<\/div><\/div>\n<\/section><section class=\"bde-section-1044-187 bde-section\">\n  \n  \n\t\n\n\n\n<div class=\"section-container\"><div class=\"bde-fancy-divider-1044-193 bde-fancy-divider\">\n\n\n<div class=\"bde-fancy-divider__wrapper\">\n  <div class=\"bde-fancy-divider__separator\">\n  \t  <\/div>\n<\/div>\n\n<\/div><div class=\"bde-text-1044-188 bde-text\">\nThe project 2023-1.1.3-STARTUP-2023-00002 is implemented with the support of the Ministry of Culture and Innovation through the National Research, Development, and Innovation Fund, financed under the 2023-1.1.3-STARTUP grant program.\n<\/div><div class=\"bde-div-1044-190 bde-div\">\n  \n  \n\t\n\n\n\n<img decoding=\"async\" class=\"bde-image2-1044-191 bde-image2\" src=\"https:\/\/sztettc.hu\/wp-content\/uploads\/2026\/03\/NKFIA_infoblokk_kerettel_projekt_fekvo_2019_HU.webp\" loading=\"lazy\" srcset=\"https:\/\/sztettc.hu\/wp-content\/uploads\/2026\/03\/NKFIA_infoblokk_kerettel_projekt_fekvo_2019_HU.webp 1920w, https:\/\/sztettc.hu\/wp-content\/uploads\/2026\/03\/NKFIA_infoblokk_kerettel_projekt_fekvo_2019_HU-300x127.webp 300w, https:\/\/sztettc.hu\/wp-content\/uploads\/2026\/03\/NKFIA_infoblokk_kerettel_projekt_fekvo_2019_HU-1024x434.webp 1024w, https:\/\/sztettc.hu\/wp-content\/uploads\/2026\/03\/NKFIA_infoblokk_kerettel_projekt_fekvo_2019_HU-768x325.webp 768w, https:\/\/sztettc.hu\/wp-content\/uploads\/2026\/03\/NKFIA_infoblokk_kerettel_projekt_fekvo_2019_HU-1536x650.webp 1536w, https:\/\/sztettc.hu\/wp-content\/uploads\/2026\/03\/NKFIA_infoblokk_kerettel_projekt_fekvo_2019_HU-18x8.webp 18w\" sizes=\"(max-width: 1920px) 100vw, 1920px\"><img decoding=\"async\" class=\"bde-image2-1044-192 bde-image2\" src=\"https:\/\/sztettc.hu\/wp-content\/uploads\/2026\/03\/bnl-start_logo-Atalakitott.webp\" loading=\"lazy\" srcset=\"https:\/\/sztettc.hu\/wp-content\/uploads\/2026\/03\/bnl-start_logo-Atalakitott.webp 1920w, https:\/\/sztettc.hu\/wp-content\/uploads\/2026\/03\/bnl-start_logo-Atalakitott-300x106.webp 300w, https:\/\/sztettc.hu\/wp-content\/uploads\/2026\/03\/bnl-start_logo-Atalakitott-1024x362.webp 1024w, https:\/\/sztettc.hu\/wp-content\/uploads\/2026\/03\/bnl-start_logo-Atalakitott-768x272.webp 768w, https:\/\/sztettc.hu\/wp-content\/uploads\/2026\/03\/bnl-start_logo-Atalakitott-1536x543.webp 1536w, https:\/\/sztettc.hu\/wp-content\/uploads\/2026\/03\/bnl-start_logo-Atalakitott-18x6.webp 18w\" sizes=\"(max-width: 1920px) 100vw, 1920px\">\n<\/div><\/div>\n<\/section>","protected":false},"excerpt":{"rendered":"<p>Student Startup Hackathon 2026 Van egy j\u00f3 \u00f6tleted? Mutasd meg! Csin\u00e1ljunk bel\u0151le STARTUP-ot egy nap alatt! Szeretn\u00e9l egy napra startup alap\u00edt\u00f3v\u00e1 v\u00e1lni?\u00c9rdekel, hogyan lesz egy probl\u00e9m\u00e1b\u00f3l \u00fct\u0151s \u00fczleti \u00f6tlet?Kipr\u00f3b\u00e1ln\u00e1d magad egy igazi pitch versenyen szakmai zs\u0171ri el\u0151tt? A Student Startup Hackathon 2026 egy eg\u00e9sz napos, \u00e9lm\u00e9nyalap\u00fa \u00f6tletverseny egyetemi hallgat\u00f3knak, ahol mentorok seg\u00edts\u00e9g\u00e9vel dolgozhattok ki val\u00f3s [&hellip;]<\/p>","protected":false},"author":1,"featured_media":0,"parent":637,"menu_order":4,"comment_status":"closed","ping_status":"closed","template":"","meta":{"_breakdance_hide_in_design_set":false,"_breakdance_tags":"","iawp_total_views":212,"footnotes":""},"class_list":["post-1044","page","type-page","status-publish","hentry"],"_links":{"self":[{"href":"https:\/\/sztettc.hu\/en\/wp-json\/wp\/v2\/pages\/1044","targetHints":{"allow":["GET"]}}],"collection":[{"href":"https:\/\/sztettc.hu\/en\/wp-json\/wp\/v2\/pages"}],"about":[{"href":"https:\/\/sztettc.hu\/en\/wp-json\/wp\/v2\/types\/page"}],"author":[{"embeddable":true,"href":"https:\/\/sztettc.hu\/en\/wp-json\/wp\/v2\/users\/1"}],"replies":[{"embeddable":true,"href":"https:\/\/sztettc.hu\/en\/wp-json\/wp\/v2\/comments?post=1044"}],"version-history":[{"count":15,"href":"https:\/\/sztettc.hu\/en\/wp-json\/wp\/v2\/pages\/1044\/revisions"}],"predecessor-version":[{"id":1098,"href":"https:\/\/sztettc.hu\/en\/wp-json\/wp\/v2\/pages\/1044\/revisions\/1098"}],"up":[{"embeddable":true,"href":"https:\/\/sztettc.hu\/en\/wp-json\/wp\/v2\/pages\/637"}],"wp:attachment":[{"href":"https:\/\/sztettc.hu\/en\/wp-json\/wp\/v2\/media?parent=1044"}],"curies":[{"name":"wp","href":"https:\/\/api.w.org\/{rel}","templated":true}]}}